{"id":982,"date":"2020-11-03T08:51:09","date_gmt":"2020-11-03T07:51:09","guid":{"rendered":"http:\/\/bsmn.neuimweb.de\/bfsso-memmingen\/?page_id=982"},"modified":"2024-03-05T10:10:52","modified_gmt":"2024-03-05T09:10:52","slug":"projektarbeiten","status":"publish","type":"page","link":"https:\/\/www.bsmn.de\/bfsso-memmingen\/projektarbeiten\/","title":{"rendered":"Projektarbeiten"},"content":{"rendered":"\n<h2 class=\"wp-block-heading\">Tag der offenen T\u00fcr<\/h2>\n\n\n\n<figure class=\"wp-block-gallery has-nested-images columns-default is-cropped wp-block-gallery-1 is-layout-flex wp-block-gallery-is-layout-flex\">\n<figure class=\"wp-block-image size-large\"><img fetchpriority=\"high\" decoding=\"async\" width=\"1024\" height=\"768\" data-id=\"2105\" src=\"https:\/\/www.bsmn.de\/bfsso-memmingen\/wp-content\/uploads\/sites\/9\/2024\/03\/Homepage-SO-1024x768.jpg\" alt=\"\" class=\"wp-image-2105\" srcset=\"https:\/\/www.bsmn.de\/bfsso-memmingen\/wp-content\/uploads\/sites\/9\/2024\/03\/Homepage-SO-1024x768.jpg 1024w, https:\/\/www.bsmn.de\/bfsso-memmingen\/wp-content\/uploads\/sites\/9\/2024\/03\/Homepage-SO-300x225.jpg 300w, https:\/\/www.bsmn.de\/bfsso-memmingen\/wp-content\/uploads\/sites\/9\/2024\/03\/Homepage-SO-768x576.jpg 768w, https:\/\/www.bsmn.de\/bfsso-memmingen\/wp-content\/uploads\/sites\/9\/2024\/03\/Homepage-SO-600x450.jpg 600w, https:\/\/www.bsmn.de\/bfsso-memmingen\/wp-content\/uploads\/sites\/9\/2024\/03\/Homepage-SO.jpg 1200w\" sizes=\"(max-width: 1024px) 100vw, 1024px\" \/><\/figure>\n<\/figure>\n\n\n\n<h2 class=\"wp-block-heading\">Besuch Bundeswehrkrankenhaus Ulm&nbsp;der Sozialpflege 11<\/h2>\n\n\n\n<figure class=\"wp-block-image size-large\"><img decoding=\"async\" width=\"1024\" height=\"769\" src=\"https:\/\/www.bsmn.de\/bfsso-memmingen\/wp-content\/uploads\/sites\/9\/2023\/04\/31-BWK-Ulm-Homepage-1024x769.jpg\" alt=\"\" class=\"wp-image-1984\" srcset=\"https:\/\/www.bsmn.de\/bfsso-memmingen\/wp-content\/uploads\/sites\/9\/2023\/04\/31-BWK-Ulm-Homepage-1024x769.jpg 1024w, https:\/\/www.bsmn.de\/bfsso-memmingen\/wp-content\/uploads\/sites\/9\/2023\/04\/31-BWK-Ulm-Homepage-300x225.jpg 300w, https:\/\/www.bsmn.de\/bfsso-memmingen\/wp-content\/uploads\/sites\/9\/2023\/04\/31-BWK-Ulm-Homepage-768x577.jpg 768w, https:\/\/www.bsmn.de\/bfsso-memmingen\/wp-content\/uploads\/sites\/9\/2023\/04\/31-BWK-Ulm-Homepage-600x451.jpg 600w, https:\/\/www.bsmn.de\/bfsso-memmingen\/wp-content\/uploads\/sites\/9\/2023\/04\/31-BWK-Ulm-Homepage.jpg 1200w\" sizes=\"(max-width: 1024px) 100vw, 1024px\" \/><\/figure>\n\n\n\n<p>Am 26.Oktober 2022 besuchte die Sozialpflege 11 das Bundeswehrkrankenhaus Ulm.<\/p>\n\n\n\n<p>Hier durften wir den Pflegebereich, die&nbsp;Notaufnahme, den&nbsp;Helikopter mit Landeplatz, den OP-Bereich sowie&nbsp;die Bunkeranlage besichtigen.&nbsp;<\/p>\n\n\n\n<h2 class=\"wp-block-heading\"><strong>Referate und Pr\u00e4sentationen&nbsp;<\/strong><\/h2>\n\n\n\n<div class=\"wp-block-columns is-layout-flex wp-container-core-columns-is-layout-9d6595d7 wp-block-columns-is-layout-flex\">\n<div class=\"wp-block-column is-layout-flow wp-block-column-is-layout-flow\">\n<figure class=\"wp-block-gallery has-nested-images columns-default is-cropped wp-block-gallery-2 is-layout-flex wp-block-gallery-is-layout-flex\">\n<figure class=\"wp-block-image size-large\"><img decoding=\"async\" width=\"1024\" height=\"768\" data-id=\"1767\" src=\"https:\/\/www.bsmn.de\/bfsso-memmingen\/wp-content\/uploads\/sites\/9\/2022\/03\/Referat-Rettungsdienst-1-1024x768.jpg\" alt=\"\" class=\"wp-image-1767\" srcset=\"https:\/\/www.bsmn.de\/bfsso-memmingen\/wp-content\/uploads\/sites\/9\/2022\/03\/Referat-Rettungsdienst-1-1024x768.jpg 1024w, https:\/\/www.bsmn.de\/bfsso-memmingen\/wp-content\/uploads\/sites\/9\/2022\/03\/Referat-Rettungsdienst-1-300x225.jpg 300w, https:\/\/www.bsmn.de\/bfsso-memmingen\/wp-content\/uploads\/sites\/9\/2022\/03\/Referat-Rettungsdienst-1-768x576.jpg 768w, https:\/\/www.bsmn.de\/bfsso-memmingen\/wp-content\/uploads\/sites\/9\/2022\/03\/Referat-Rettungsdienst-1-1536x1152.jpg 1536w, https:\/\/www.bsmn.de\/bfsso-memmingen\/wp-content\/uploads\/sites\/9\/2022\/03\/Referat-Rettungsdienst-1-2048x1536.jpg 2048w, https:\/\/www.bsmn.de\/bfsso-memmingen\/wp-content\/uploads\/sites\/9\/2022\/03\/Referat-Rettungsdienst-1-600x450.jpg 600w\" sizes=\"(max-width: 1024px) 100vw, 1024px\" \/><\/figure>\n<\/figure>\n<\/div>\n\n\n\n<div class=\"wp-block-column is-layout-flow wp-block-column-is-layout-flow\">\n<figure class=\"wp-block-gallery has-nested-images columns-default is-cropped wp-block-gallery-3 is-layout-flex wp-block-gallery-is-layout-flex\">\n<figure class=\"wp-block-image size-large\"><img loading=\"lazy\" decoding=\"async\" width=\"1024\" height=\"768\" data-id=\"1768\" src=\"https:\/\/www.bsmn.de\/bfsso-memmingen\/wp-content\/uploads\/sites\/9\/2022\/03\/Referat-Rettungsdienst-2--1024x768.jpg\" alt=\"\" class=\"wp-image-1768\" srcset=\"https:\/\/www.bsmn.de\/bfsso-memmingen\/wp-content\/uploads\/sites\/9\/2022\/03\/Referat-Rettungsdienst-2--1024x768.jpg 1024w, https:\/\/www.bsmn.de\/bfsso-memmingen\/wp-content\/uploads\/sites\/9\/2022\/03\/Referat-Rettungsdienst-2--300x225.jpg 300w, https:\/\/www.bsmn.de\/bfsso-memmingen\/wp-content\/uploads\/sites\/9\/2022\/03\/Referat-Rettungsdienst-2--768x576.jpg 768w, https:\/\/www.bsmn.de\/bfsso-memmingen\/wp-content\/uploads\/sites\/9\/2022\/03\/Referat-Rettungsdienst-2--1536x1152.jpg 1536w, https:\/\/www.bsmn.de\/bfsso-memmingen\/wp-content\/uploads\/sites\/9\/2022\/03\/Referat-Rettungsdienst-2--2048x1536.jpg 2048w, https:\/\/www.bsmn.de\/bfsso-memmingen\/wp-content\/uploads\/sites\/9\/2022\/03\/Referat-Rettungsdienst-2--600x450.jpg 600w\" sizes=\"(max-width: 1024px) 100vw, 1024px\" \/><\/figure>\n<\/figure>\n<\/div>\n\n\n\n<div class=\"wp-block-column is-layout-flow wp-block-column-is-layout-flow\">\n<figure class=\"wp-block-gallery has-nested-images columns-default is-cropped wp-block-gallery-4 is-layout-flex wp-block-gallery-is-layout-flex\">\n<figure class=\"wp-block-image size-large\"><img loading=\"lazy\" decoding=\"async\" width=\"1024\" height=\"768\" data-id=\"1769\" src=\"https:\/\/www.bsmn.de\/bfsso-memmingen\/wp-content\/uploads\/sites\/9\/2022\/03\/Referat-Rettungsdienst-3--1024x768.jpg\" alt=\"\" class=\"wp-image-1769\" srcset=\"https:\/\/www.bsmn.de\/bfsso-memmingen\/wp-content\/uploads\/sites\/9\/2022\/03\/Referat-Rettungsdienst-3--1024x768.jpg 1024w, https:\/\/www.bsmn.de\/bfsso-memmingen\/wp-content\/uploads\/sites\/9\/2022\/03\/Referat-Rettungsdienst-3--300x225.jpg 300w, https:\/\/www.bsmn.de\/bfsso-memmingen\/wp-content\/uploads\/sites\/9\/2022\/03\/Referat-Rettungsdienst-3--768x576.jpg 768w, https:\/\/www.bsmn.de\/bfsso-memmingen\/wp-content\/uploads\/sites\/9\/2022\/03\/Referat-Rettungsdienst-3--1536x1152.jpg 1536w, https:\/\/www.bsmn.de\/bfsso-memmingen\/wp-content\/uploads\/sites\/9\/2022\/03\/Referat-Rettungsdienst-3--2048x1536.jpg 2048w, https:\/\/www.bsmn.de\/bfsso-memmingen\/wp-content\/uploads\/sites\/9\/2022\/03\/Referat-Rettungsdienst-3--600x450.jpg 600w\" sizes=\"(max-width: 1024px) 100vw, 1024px\" \/><\/figure>\n<\/figure>\n<\/div>\n<\/div>\n\n\n\n<p>Im Deutschunterricht lernen die Sch\u00fclerInnen der So11 worauf es bei einer guten Pr\u00e4sentation ankommt. Ein sehr informatives und anschauliches Referat pr\u00e4sentierte Andreas Mauer.&nbsp;<\/p>\n\n\n\n<p>Er hat selbst die Ausbildung zum Rettungssanit\u00e4ter absolviert und ist derzeit, neben seiner Ausbildung bei uns,&nbsp;regelm\u00e4\u00dfig in Memmingen im Einsatz.&nbsp;<\/p>\n\n\n\n<h2 class=\"wp-block-heading\">Festmahl f\u00fcr Piepm\u00e4tze<\/h2>\n\n\n\n<div class=\"wp-block-columns is-layout-flex wp-container-core-columns-is-layout-9d6595d7 wp-block-columns-is-layout-flex\">\n<div class=\"wp-block-column is-layout-flow wp-block-column-is-layout-flow\">\n<figure class=\"wp-block-image size-large\"><img loading=\"lazy\" decoding=\"async\" width=\"1024\" height=\"768\" src=\"https:\/\/www.bsmn.de\/bfsso-memmingen\/wp-content\/uploads\/sites\/9\/2022\/01\/Orangen-Homepage-1024x768.jpg\" alt=\"\" class=\"wp-image-1738\" srcset=\"https:\/\/www.bsmn.de\/bfsso-memmingen\/wp-content\/uploads\/sites\/9\/2022\/01\/Orangen-Homepage-1024x768.jpg 1024w, https:\/\/www.bsmn.de\/bfsso-memmingen\/wp-content\/uploads\/sites\/9\/2022\/01\/Orangen-Homepage-300x225.jpg 300w, https:\/\/www.bsmn.de\/bfsso-memmingen\/wp-content\/uploads\/sites\/9\/2022\/01\/Orangen-Homepage-768x576.jpg 768w, https:\/\/www.bsmn.de\/bfsso-memmingen\/wp-content\/uploads\/sites\/9\/2022\/01\/Orangen-Homepage-600x450.jpg 600w, https:\/\/www.bsmn.de\/bfsso-memmingen\/wp-content\/uploads\/sites\/9\/2022\/01\/Orangen-Homepage.jpg 1200w\" sizes=\"(max-width: 1024px) 100vw, 1024px\" \/><\/figure>\n<\/div>\n\n\n\n<div class=\"wp-block-column is-layout-flow wp-block-column-is-layout-flow\">\n<figure class=\"wp-block-image size-large\"><img loading=\"lazy\" decoding=\"async\" width=\"1024\" height=\"768\" src=\"https:\/\/www.bsmn.de\/bfsso-memmingen\/wp-content\/uploads\/sites\/9\/2022\/01\/Fuellen-Orangen-Homepage-1024x768.jpg\" alt=\"\" class=\"wp-image-1739\" srcset=\"https:\/\/www.bsmn.de\/bfsso-memmingen\/wp-content\/uploads\/sites\/9\/2022\/01\/Fuellen-Orangen-Homepage-1024x768.jpg 1024w, https:\/\/www.bsmn.de\/bfsso-memmingen\/wp-content\/uploads\/sites\/9\/2022\/01\/Fuellen-Orangen-Homepage-300x225.jpg 300w, https:\/\/www.bsmn.de\/bfsso-memmingen\/wp-content\/uploads\/sites\/9\/2022\/01\/Fuellen-Orangen-Homepage-768x576.jpg 768w, https:\/\/www.bsmn.de\/bfsso-memmingen\/wp-content\/uploads\/sites\/9\/2022\/01\/Fuellen-Orangen-Homepage-600x450.jpg 600w, https:\/\/www.bsmn.de\/bfsso-memmingen\/wp-content\/uploads\/sites\/9\/2022\/01\/Fuellen-Orangen-Homepage.jpg 1200w\" sizes=\"(max-width: 1024px) 100vw, 1024px\" \/><\/figure>\n<\/div>\n<\/div>\n\n\n\n<p>V\u00f6gel faszinieren Jung und Alt, umso sch\u00f6ner, wenn sie direkt vor dem Fenster vom selbstgemachten Vogelfutter naschen.<\/p>\n\n\n\n<p>Die Sch\u00fcler*innen der So 11 bereiteten aus Orangen, geh\u00e4rtetem Pflanzenfett und Futtermischung dieses Festmahl zu.<\/p>\n\n\n<div class=\"wp-block-image\">\n<figure class=\"aligncenter size-medium\"><img loading=\"lazy\" decoding=\"async\" width=\"300\" height=\"208\" src=\"https:\/\/www.bsmn.de\/bfsso-memmingen\/wp-content\/uploads\/sites\/9\/2021\/01\/Demenzdecke-300x208.jpg\" alt=\"\" class=\"wp-image-1372\" srcset=\"https:\/\/www.bsmn.de\/bfsso-memmingen\/wp-content\/uploads\/sites\/9\/2021\/01\/Demenzdecke-300x208.jpg 300w, https:\/\/www.bsmn.de\/bfsso-memmingen\/wp-content\/uploads\/sites\/9\/2021\/01\/Demenzdecke-1024x710.jpg 1024w, https:\/\/www.bsmn.de\/bfsso-memmingen\/wp-content\/uploads\/sites\/9\/2021\/01\/Demenzdecke-768x532.jpg 768w, https:\/\/www.bsmn.de\/bfsso-memmingen\/wp-content\/uploads\/sites\/9\/2021\/01\/Demenzdecke-600x416.jpg 600w, https:\/\/www.bsmn.de\/bfsso-memmingen\/wp-content\/uploads\/sites\/9\/2021\/01\/Demenzdecke.jpg 1200w\" sizes=\"(max-width: 300px) 100vw, 300px\" \/><figcaption class=\"wp-element-caption\">Nesteldecke f\u00fcr Demenzerkrankte<\/figcaption><\/figure>\n<\/div>\n\n\n<p>Erstmalig fand die &#8222;<strong>Bayerische Demenzwoche&#8220;<\/strong> im September 2019 statt. Mit \u00fcber 600 Aktionen in ganz Bayern wurde die Bev\u00f6lkerung \u00fcber die Krankheit aufgekl\u00e4rt. Damals waren die Sch\u00fcler\/innen der BFS Sozialpflege lediglich Teilnehmer der Aktion. Heute haben die Klassen beschlossen selbst aktiv zu werden und eine Ausstellung zu entwickeln. Neben zahlreichen Infost\u00e4nden fertigen sie auch praktische Hilfsmittel f\u00fcr Demenzkranke aus der Pflegepraxis selbst an.<\/p>\n\n\n\n<p><a href=\"https:\/\/www.stmgp.bayern.de\/pflege\/demenz\/\" target=\"_blank\" rel=\"noreferrer noopener\">Demenz &#8211; Lebensbedingungen Demenzkranker verbessern (bayern.de)<\/a><\/p>\n\n\n\n<figure class=\"wp-block-gallery has-nested-images columns-default is-cropped wp-block-gallery-5 is-layout-flex wp-block-gallery-is-layout-flex\">\n<figure class=\"wp-block-image size-large\"><img loading=\"lazy\" decoding=\"async\" width=\"1024\" height=\"683\" data-id=\"1377\" src=\"https:\/\/www.bsmn.de\/bfsso-memmingen\/wp-content\/uploads\/sites\/9\/2021\/01\/BSMN_Memmingen_07_2020_149-1-1024x683.jpg\" alt=\"\" class=\"wp-image-1377\" srcset=\"https:\/\/www.bsmn.de\/bfsso-memmingen\/wp-content\/uploads\/sites\/9\/2021\/01\/BSMN_Memmingen_07_2020_149-1-1024x683.jpg 1024w, https:\/\/www.bsmn.de\/bfsso-memmingen\/wp-content\/uploads\/sites\/9\/2021\/01\/BSMN_Memmingen_07_2020_149-1-300x200.jpg 300w, https:\/\/www.bsmn.de\/bfsso-memmingen\/wp-content\/uploads\/sites\/9\/2021\/01\/BSMN_Memmingen_07_2020_149-1-768x512.jpg 768w, https:\/\/www.bsmn.de\/bfsso-memmingen\/wp-content\/uploads\/sites\/9\/2021\/01\/BSMN_Memmingen_07_2020_149-1-600x400.jpg 600w, https:\/\/www.bsmn.de\/bfsso-memmingen\/wp-content\/uploads\/sites\/9\/2021\/01\/BSMN_Memmingen_07_2020_149-1.jpg 1200w\" sizes=\"(max-width: 1024px) 100vw, 1024px\" \/><\/figure>\n\n\n\n<figure class=\"wp-block-image size-large\"><img loading=\"lazy\" decoding=\"async\" width=\"1024\" height=\"683\" data-id=\"1378\" src=\"https:\/\/www.bsmn.de\/bfsso-memmingen\/wp-content\/uploads\/sites\/9\/2021\/01\/BSMN_Memmingen_07_2020_163-1024x683.jpg\" alt=\"\" class=\"wp-image-1378\" srcset=\"https:\/\/www.bsmn.de\/bfsso-memmingen\/wp-content\/uploads\/sites\/9\/2021\/01\/BSMN_Memmingen_07_2020_163-1024x683.jpg 1024w, https:\/\/www.bsmn.de\/bfsso-memmingen\/wp-content\/uploads\/sites\/9\/2021\/01\/BSMN_Memmingen_07_2020_163-300x200.jpg 300w, https:\/\/www.bsmn.de\/bfsso-memmingen\/wp-content\/uploads\/sites\/9\/2021\/01\/BSMN_Memmingen_07_2020_163-768x512.jpg 768w, https:\/\/www.bsmn.de\/bfsso-memmingen\/wp-content\/uploads\/sites\/9\/2021\/01\/BSMN_Memmingen_07_2020_163-600x400.jpg 600w, https:\/\/www.bsmn.de\/bfsso-memmingen\/wp-content\/uploads\/sites\/9\/2021\/01\/BSMN_Memmingen_07_2020_163.jpg 1200w\" sizes=\"(max-width: 1024px) 100vw, 1024px\" \/><\/figure>\n\n\n\n<figure class=\"wp-block-image size-large\"><img loading=\"lazy\" decoding=\"async\" width=\"1024\" height=\"683\" data-id=\"1379\" src=\"https:\/\/www.bsmn.de\/bfsso-memmingen\/wp-content\/uploads\/sites\/9\/2021\/01\/BSMN_Memmingen_07_2020_143-1024x683.jpg\" alt=\"\" class=\"wp-image-1379\" srcset=\"https:\/\/www.bsmn.de\/bfsso-memmingen\/wp-content\/uploads\/sites\/9\/2021\/01\/BSMN_Memmingen_07_2020_143-1024x683.jpg 1024w, https:\/\/www.bsmn.de\/bfsso-memmingen\/wp-content\/uploads\/sites\/9\/2021\/01\/BSMN_Memmingen_07_2020_143-300x200.jpg 300w, https:\/\/www.bsmn.de\/bfsso-memmingen\/wp-content\/uploads\/sites\/9\/2021\/01\/BSMN_Memmingen_07_2020_143-768x512.jpg 768w, https:\/\/www.bsmn.de\/bfsso-memmingen\/wp-content\/uploads\/sites\/9\/2021\/01\/BSMN_Memmingen_07_2020_143-600x400.jpg 600w, https:\/\/www.bsmn.de\/bfsso-memmingen\/wp-content\/uploads\/sites\/9\/2021\/01\/BSMN_Memmingen_07_2020_143.jpg 1200w\" sizes=\"(max-width: 1024px) 100vw, 1024px\" \/><\/figure>\n<\/figure>\n\n\n\n<p>Zur Au\u00dfenstelle Memmingen geh\u00f6rt seit dem Sommer 2020 neben dem eigentlichen Schulgeb\u00e4ude ein <strong>frische angelegter Nutzgarten<\/strong>. Jede Schulart am Standort bewirtschaftet ein Hochbeet und zwei danebenliegende Beete. Die Sch\u00fcler\/innen lernen unterschiedliche Nutzpflanzen kennen und \u00fcberlegen im Unterricht wie sie die Natur in ihre Besch\u00e4ftigungsangebote f\u00fcr Familien, Senioren, Menschen mit Behinderung oder Kinder einbeziehen k\u00f6nnen. Die gewonnenen Lebensmittel werden in den drei Schulk\u00fcchen mit verarbeitet.<\/p>\n","protected":false},"excerpt":{"rendered":"<p>Tag der offenen T\u00fcr Besuch Bundeswehrkrankenhaus Ulm&nbsp;der Sozialpflege 11 Am 26.Oktober 2022 besuchte die Sozialpflege 11 das Bundeswehrkrankenhaus Ulm. Hier durften wir den Pflegebereich, die&nbsp;Notaufnahme, den&nbsp;Helikopter mit Landeplatz, den OP-Bereich sowie&nbsp;die Bunkeranlage besichtigen.&nbsp; Referate und Pr\u00e4sentationen&nbsp; Im Deutschunterricht lernen die Sch\u00fclerInnen der So11 worauf es bei einer guten Pr\u00e4sentation ankommt. Ein sehr informatives und anschauliches [&hellip;]<\/p>\n","protected":false},"author":2,"featured_media":0,"parent":0,"menu_order":0,"comment_status":"closed","ping_status":"closed","template":"","meta":{"footnotes":""},"class_list":["post-982","page","type-page","status-publish","hentry"],"_links":{"self":[{"href":"https:\/\/www.bsmn.de\/bfsso-memmingen\/wp-json\/wp\/v2\/pages\/982","targetHints":{"allow":["GET"]}}],"collection":[{"href":"https:\/\/www.bsmn.de\/bfsso-memmingen\/wp-json\/wp\/v2\/pages"}],"about":[{"href":"https:\/\/www.bsmn.de\/bfsso-memmingen\/wp-json\/wp\/v2\/types\/page"}],"author":[{"embeddable":true,"href":"https:\/\/www.bsmn.de\/bfsso-memmingen\/wp-json\/wp\/v2\/users\/2"}],"replies":[{"embeddable":true,"href":"https:\/\/www.bsmn.de\/bfsso-memmingen\/wp-json\/wp\/v2\/comments?post=982"}],"version-history":[{"count":9,"href":"https:\/\/www.bsmn.de\/bfsso-memmingen\/wp-json\/wp\/v2\/pages\/982\/revisions"}],"predecessor-version":[{"id":2106,"href":"https:\/\/www.bsmn.de\/bfsso-memmingen\/wp-json\/wp\/v2\/pages\/982\/revisions\/2106"}],"wp:attachment":[{"href":"https:\/\/www.bsmn.de\/bfsso-memmingen\/wp-json\/wp\/v2\/media?parent=982"}],"curies":[{"name":"wp","href":"https:\/\/api.w.org\/{rel}","templated":true}]}}